{"id":12430,"date":"2024-04-20T11:54:21","date_gmt":"2024-04-20T11:54:21","guid":{"rendered":"https:\/\/mobilityservices.pt\/peugeot-e208-gt\/"},"modified":"2024-07-24T10:26:39","modified_gmt":"2024-07-24T10:26:39","slug":"peugeot-e208-gt","status":"publish","type":"page","link":"https:\/\/mobilityservices.pt\/en\/peugeot-e208-gt\/","title":{"rendered":"Peugeot e208 GT"},"content":{"rendered":"<section class=\"u-align-left u-clearfix u-image u-shading u-section-2\" src=\"\" data-image-width=\"1920\" data-image-height=\"1440\" id=\"sec-a4b0\" style=\"background-image: linear-gradient(0deg, rgba(0, 0, 0, 0.4), rgba(0, 0, 0, 0.4)), url(&quot;https:\/\/mobilityservices.pt\/wp-content\/uploads\/2024\/04\/rsz_img_20221227_102857_546-3.png&quot;);\">\n      <div class=\"u-clearfix u-sheet u-valign-middle u-sheet-1\">\n        <h1 class=\"u-text u-text-default u-title u-text-1\">Peugeot e208 GT<\/h1>\n        <p class=\"u-large-text u-text u-text-variant u-text-2\">Para viagens de dimens\u00e3o curta ou m\u00e9dia, mas com um n\u00edvel de conforto acima da m\u00e9dia<\/p>\n      <\/div>\n    <\/section>\n    <section class=\"u-align-center u-clearfix u-section-3\" id=\"sec-6bd1\" data-animation-name=\"\" data-animation-duration=\"0\" data-animation-delay=\"0\" data-animation-direction=\"\">\n      <div class=\"u-clearfix u-sheet u-sheet-1\">\n        <h1 class=\"u-text u-text-default u-text-1\">Em servi\u00e7o desde Dezembro 2022<\/h1>\n      <\/div>\n    <\/section>\n    <section class=\"u-clearfix u-section-4\" id=\"sec-d2b0\">\n      <div class=\"u-clearfix u-sheet u-valign-middle u-sheet-1\">\n        <p class=\"u-custom-font u-font-montserrat u-text u-text-default u-text-1\">Dispon\u00edvel em servi\u00e7os contratados atrav\u00e9s da aplica\u00e7\u00e3o Uber. (X \/ Green)<br>\n          <br>Brevemente dispon\u00edvel para reserva directa por parte do cliente. \n        <\/p>\n      <\/div>\n    <\/section>","protected":false},"excerpt":{"rendered":"<p>Peugeot e208 GT Para viagens de dimens\u00e3o curta ou m\u00e9dia, mas com um n\u00edvel de conforto acima da m\u00e9dia Em servi\u00e7o desde Dezembro 2022 Dispon\u00edvel em servi\u00e7os contratados atrav\u00e9s da aplica\u00e7\u00e3o Uber. (X \/ Green) Brevemente dispon\u00edvel para reserva directa por parte do cliente.<\/p>","protected":false},"author":1,"featured_media":0,"parent":0,"menu_order":2,"comment_status":"closed","ping_status":"closed","template":"","meta":{"_glsr_average":0,"_glsr_ranking":0,"_glsr_reviews":0,"footnotes":""},"class_list":["post-12430","page","type-page","status-publish","hentry"],"_links":{"self":[{"href":"https:\/\/mobilityservices.pt\/en\/wp-json\/wp\/v2\/pages\/12430","targetHints":{"allow":["GET"]}}],"collection":[{"href":"https:\/\/mobilityservices.pt\/en\/wp-json\/wp\/v2\/pages"}],"about":[{"href":"https:\/\/mobilityservices.pt\/en\/wp-json\/wp\/v2\/types\/page"}],"author":[{"embeddable":true,"href":"https:\/\/mobilityservices.pt\/en\/wp-json\/wp\/v2\/users\/1"}],"replies":[{"embeddable":true,"href":"https:\/\/mobilityservices.pt\/en\/wp-json\/wp\/v2\/comments?post=12430"}],"version-history":[{"count":2,"href":"https:\/\/mobilityservices.pt\/en\/wp-json\/wp\/v2\/pages\/12430\/revisions"}],"predecessor-version":[{"id":12991,"href":"https:\/\/mobilityservices.pt\/en\/wp-json\/wp\/v2\/pages\/12430\/revisions\/12991"}],"wp:attachment":[{"href":"https:\/\/mobilityservices.pt\/en\/wp-json\/wp\/v2\/media?parent=12430"}],"curies":[{"name":"wp","href":"https:\/\/api.w.org\/{rel}","templated":true}]}}